{"id":2588,"date":"2026-04-28T07:13:57","date_gmt":"2026-04-28T07:13:57","guid":{"rendered":"https:\/\/csmj.gov.mz\/?page_id=2588"},"modified":"2026-04-30T07:06:37","modified_gmt":"2026-04-30T07:06:37","slug":"o-plenario","status":"publish","type":"page","link":"https:\/\/csmj.gov.mz\/?page_id=2588","title":{"rendered":"O Plen\u00e1rio"},"content":{"rendered":"\t\t<div data-elementor-type=\"wp-page\" data-elementor-id=\"2588\" class=\"elementor elementor-2588\">\n\t\t\t\t<div class=\"elementor-element elementor-element-deb33b8 e-flex e-con-boxed wpr-particle-no wpr-jarallax-no wpr-parallax-no wpr-sticky-section-no e-con e-parent\" data-id=\"deb33b8\" data-element_type=\"container\" data-e-type=\"container\" data-settings=\"{&quot;background_background&quot;:&quot;gradient&quot;}\">\n\t\t\t\t\t<div class=\"e-con-inner\">\n\t\t\t\t<div class=\"elementor-element elementor-element-fae94fd elementor-widget__width-initial elementor-widget elementor-widget-text-editor\" data-id=\"fae94fd\" data-element_type=\"widget\" data-e-type=\"widget\" data-widget_type=\"text-editor.default\">\n\t\t\t\t\t\t\t\t\t<h1><span style=\"color: #000000;\"><strong>Composi\u00e7\u00e3o<\/strong><\/span><\/h1>\t\t\t\t\t\t\t\t<\/div>\n\t\t\t\t\t<\/div>\n\t\t\t\t<\/div>\n\t\t<div class=\"elementor-element elementor-element-7e8bbc4 e-flex e-con-boxed wpr-particle-no wpr-jarallax-no wpr-parallax-no wpr-sticky-section-no e-con e-parent\" data-id=\"7e8bbc4\" data-element_type=\"container\" data-e-type=\"container\">\n\t\t\t\t\t<div class=\"e-con-inner\">\n\t\t\t\t<div class=\"elementor-element elementor-element-e136c80 elementor-widget elementor-widget-text-editor\" data-id=\"e136c80\" data-element_type=\"widget\" data-e-type=\"widget\" data-widget_type=\"text-editor.default\">\n\t\t\t\t\t\t\t\t\t<ol class=\"wp-block-list\"><li><span style=\"color: #000000;\"><strong>MARIA TERESA VALENTE<\/strong>\u00a0\u2013 DESIGNADA POR SUA EXCIA O PRESIDENTE DA REP\u00daBLICA;<\/span><\/li><li><span style=\"color: #000000;\"><strong>MARIA BENVINDA DELFINA LEVY<\/strong>\u00a0\u2013 DESIGNADA POR SUA EXCIA O PRESIDENTE DA REP\u00daBLICA;<\/span><\/li><li><span style=\"color: #000000;\"><strong>ALFREDO GABRIEL LU\u00cdS CAETANO DIAS<\/strong>\u00a0\u2013 DESIGNADO PELA ASSEMBLEIA DA REP\u00daBLICA;<\/span><\/li><li><span style=\"color: #000000;\"><strong>JOAQUIM VER\u00cdSSIMO<\/strong>\u00a0\u2013 DESIGNADO PELA ASSEMBLEIA DA REP\u00daBLICA;<\/span><\/li><li><span style=\"color: #000000;\"><strong>LUZIA RAIMUNDO JAMAL MUNETE<\/strong>\u00a0\u2013 DESIGNADA PELA ASSEMBLEIA DA REP\u00daBLICA;<\/span><\/li><li><span style=\"color: #000000;\"><strong>MANUEL LAPUCHEQUE<\/strong>\u00a0\u2013 DESIGNADO PELA ASSEMBLEIA DA REP\u00daBLICA;<\/span><\/li><li><span style=\"color: #000000;\"><strong>CADMIEL ARMINDO<\/strong>\u00a0\u2013 DESIGNADO PELA ASSEMBLEIA DA REP\u00daBLICA;<\/span><\/li><li><p><span style=\"color: #000000;\"><strong>AUGUSTO RAUL PAULINO <\/strong>\u2013 JU\u00cdZ CONSELHEIRO JUBILADO DO TRIBUNAL SUPREMO;<\/span><\/p><\/li><li><p><span style=\"color: #000000;\"><strong>AMINA MARISA IBRAIMO ABUDO<\/strong>\u00a0\u2013 JU\u00cdZA DESEMBARGADORA;<\/span><\/p><\/li><li><span style=\"color: #000000;\"><strong>JULI\u00c3O ORLANDO CARLOS ZUNGUZE<\/strong>\u00a0\u2013 JUIZ DESEMBARGADOR;<\/span><\/li><li><span style=\"color: #000000;\"><strong>JOS\u00c9 ALFREDO MACARINGUE<\/strong>\u00a0\u2013 JUIZ DE DIREITO A;<\/span><\/li><li><span style=\"color: #000000;\"><strong>HERMENEGILDO PEDRO CHAMBAL<\/strong>\u00a0\u2013 JUIZ DE DIREITO A;<\/span><\/li><li><span style=\"color: #000000;\"><strong>HOLDEN ROBERTO NHAMILIANE PHELE<\/strong>\u00a0\u2013 JUIZ DE DIREITO B;<\/span><\/li><li><span style=\"color: #000000;\"><strong>DELMIRO DIAS CORREIA MENDES<\/strong>\u00a0\u2013 JUIZ DE DIREITO C;<\/span><\/li><li><span style=\"color: #000000;\"><strong>MARIA TERESE DE SOUSA COUTINHO<\/strong>\u00a0\u2013 SECRET\u00c1RIA JUDICIAL;<\/span><\/li><li><span style=\"color: #000000;\"><strong>S\u00c9RGIO FERNANDO MATAVELE<\/strong>\u00a0\u2013 SECRET\u00c1RIO \u2013 JUDICIAL;<\/span><\/li><li><span style=\"color: #000000;\"><strong>GABRIEL GON\u00c7ALVES CHILA\u00daLE<\/strong>\u00a0\u2013 SECRET\u00c1RIO \u2013 JUDICIAL;<\/span><\/li><li><span style=\"color: #000000;\"><strong>ROSALINA JOS\u00c9 LU\u00cdS PEDRO<\/strong>\u00a0\u2013 ESCRITUR\u00c1RIA JUDICIAL PROVINCIAL.<\/span><\/li><\/ol><p style=\"text-align: left;\"><span style=\"color: #000000;\">Nota: <strong>VENERANDO PRESIDENTE (JU<\/strong><strong>\u00cd<\/strong><strong>Z CONSELHEIRO) E VENERANDA VICE-PRESIDENTE (JU\u00cdZA CONSELHEIRA) DO TRIBUNAL SUPREMO E DO CONSELHO SUPERIOR DA MAGISTRATURA JUDICIAL S\u00c3O MEMBROS POR INER\u00caNCIA DE FUN\u00c7\u00d5ES<\/strong><\/span><\/p>\t\t\t\t\t\t\t\t<\/div>\n\t\t\t\t\t<\/div>\n\t\t\t\t<\/div>\n\t\t<div class=\"elementor-element elementor-element-e6852ca e-flex e-con-boxed wpr-particle-no wpr-jarallax-no wpr-parallax-no wpr-sticky-section-no e-con e-parent\" data-id=\"e6852ca\" data-element_type=\"container\" data-e-type=\"container\" data-settings=\"{&quot;background_background&quot;:&quot;gradient&quot;}\">\n\t\t\t\t\t<div class=\"e-con-inner\">\n\t\t\t\t<div class=\"elementor-element elementor-element-fe30a1f elementor-widget__width-initial elementor-widget elementor-widget-text-editor\" data-id=\"fe30a1f\" data-element_type=\"widget\" data-e-type=\"widget\" data-widget_type=\"text-editor.default\">\n\t\t\t\t\t\t\t\t\t<h1><span style=\"color: #000000;\"><strong>Compet\u00eancias<\/strong><\/span><\/h1>\t\t\t\t\t\t\t\t<\/div>\n\t\t\t\t\t<\/div>\n\t\t\t\t<\/div>\n\t\t<div class=\"elementor-element elementor-element-eacb847 e-flex e-con-boxed wpr-particle-no wpr-jarallax-no wpr-parallax-no wpr-sticky-section-no e-con e-parent\" data-id=\"eacb847\" data-element_type=\"container\" data-e-type=\"container\">\n\t\t\t\t\t<div class=\"e-con-inner\">\n\t\t\t\t<div class=\"elementor-element elementor-element-3ff86ec elementor-widget elementor-widget-text-editor\" data-id=\"3ff86ec\" data-element_type=\"widget\" data-e-type=\"widget\" data-widget_type=\"text-editor.default\">\n\t\t\t\t\t\t\t\t\t<p><br \/><span style=\"color: #000000;\">O Plen\u00e1rio do Conselho Superior da Magistratura Judicial \u00e9 constitu\u00eddo pelo Presidente e todos os membros do Conselho, sendo da sua compet\u00eancia, entre outras:<\/span><\/p><ul><li><span style=\"color: #000000;\">propor ao Presidente da Rep\u00fablica a nomea\u00e7\u00e3o dos ju\u00edzes Conselheiros do Tribunal Supremo;<\/span><\/li><li><span style=\"color: #000000;\">nomear, colocar, transferir, promover, exonerar, apreciar o m\u00e9rito profissional, exercer a ac\u00e7\u00e3o disciplinar e, em geral, praticar todos os actos de id\u00eantica natureza respeitante aos magistrados judiciais;<\/span><\/li><li><span style=\"color: #000000;\">apreciar o m\u00e9rito profissional e exercer a ac\u00e7\u00e3o disciplinar sobre os oficiais de justi\u00e7a, sem preju\u00edzo da compet\u00eancia disciplinar atribu\u00edda aos ju\u00edzes;<\/span><\/li><li><span style=\"color: #000000;\">processar e julgar as suspei\u00e7\u00f5es levantadas contra qualquer dos seus membros em processos da sua compet\u00eancia;<\/span><\/li><li><span style=\"color: #000000;\">ordenar a realiza\u00e7\u00e3o de inspec\u00e7\u00f5es ordin\u00e1rias e extraordin\u00e1rias, bem como de inqu\u00e9ritos e sindic\u00e2ncias aos tribunais;<\/span><\/li><li><span style=\"color: #000000;\">dar pareceres e fazer recomenda\u00e7\u00f5es sobre a politica judici\u00e1ria, por sua iniciativa ou a pedido do Presidente da Rep\u00fablica, da Assembleia da Rep\u00fablica ou do governo;<\/span><\/li><li><span style=\"color: #000000;\">apreciar e decidir as reclama\u00e7\u00f5es contra actos praticados pela Comiss\u00e3o Permanente, pelo Presidente e pelo Vice-Presidente.<\/span><\/li><\/ul><p><span style=\"color: #000000;\">As reuni\u00f5es do Plen\u00e1rio t\u00eam lugar ordinariamente quatro vezes por ano e extraordinariamente sempre que se mostre necess\u00e1rio, por convoca\u00e7\u00e3o do Presidente do Conselho Superior da Magistratura Judicial ou de dois ter\u00e7os dos seus membros<\/span>.<\/p>\t\t\t\t\t\t\t\t<\/div>\n\t\t\t\t\t<\/div>\n\t\t\t\t<\/div>\n\t\t\t\t<\/div>\n\t\t","protected":false},"excerpt":{"rendered":"<p>Composi\u00e7\u00e3o MARIA TERESA VALENTE\u00a0\u2013 DESIGNADA POR SUA EXCIA O PRESIDENTE DA REP\u00daBLICA; MARIA BENVINDA DELFINA LEVY\u00a0\u2013 DESIGNADA POR SUA EXCIA O PRESIDENTE DA REP\u00daBLICA; ALFREDO GABRIEL LU\u00cdS CAETANO DIAS\u00a0\u2013 DESIGNADO PELA ASSEMBLEIA DA REP\u00daBLICA; JOAQUIM VER\u00cdSSIMO\u00a0\u2013 DESIGNADO PELA ASSEMBLEIA DA REP\u00daBLICA; LUZIA RAIMUNDO JAMAL MUNETE\u00a0\u2013 DESIGNADA PELA ASSEMBLEIA DA REP\u00daBLICA; MANUEL LAPUCHEQUE\u00a0\u2013 DESIGNADO PELA ASSEMBLEIA DA REP\u00daBLICA; CADMIEL ARMINDO\u00a0\u2013 DESIGNADO PELA ASSEMBLEIA DA REP\u00daBLICA; AUGUSTO RAUL PAULINO \u2013 JU\u00cdZ CONSELHEIRO JUBILADO DO TRIBUNAL SUPREMO; AMINA MARISA IBRAIMO ABUDO\u00a0\u2013 JU\u00cdZA DESEMBARGADORA; JULI\u00c3O ORLANDO CARLOS ZUNGUZE\u00a0\u2013 JUIZ DESEMBARGADOR; JOS\u00c9 ALFREDO MACARINGUE\u00a0\u2013 JUIZ DE DIREITO A; HERMENEGILDO PEDRO CHAMBAL\u00a0\u2013 JUIZ DE DIREITO A; HOLDEN ROBERTO NHAMILIANE PHELE\u00a0\u2013 JUIZ DE DIREITO B; DELMIRO DIAS CORREIA MENDES\u00a0\u2013 JUIZ DE DIREITO C; MARIA TERESE DE SOUSA COUTINHO\u00a0\u2013 SECRET\u00c1RIA JUDICIAL; S\u00c9RGIO FERNANDO MATAVELE\u00a0\u2013 SECRET\u00c1RIO \u2013 JUDICIAL; GABRIEL GON\u00c7ALVES CHILA\u00daLE\u00a0\u2013 SECRET\u00c1RIO \u2013 JUDICIAL; ROSALINA JOS\u00c9 LU\u00cdS PEDRO\u00a0\u2013 ESCRITUR\u00c1RIA JUDICIAL PROVINCIAL. Nota: VENERANDO PRESIDENTE (JU\u00cdZ CONSELHEIRO) E VENERANDA VICE-PRESIDENTE (JU\u00cdZA CONSELHEIRA) DO TRIBUNAL SUPREMO E DO CONSELHO SUPERIOR DA MAGISTRATURA JUDICIAL S\u00c3O MEMBROS POR INER\u00caNCIA DE FUN\u00c7\u00d5ES Compet\u00eancias O Plen\u00e1rio do Conselho Superior da Magistratura Judicial \u00e9 constitu\u00eddo pelo Presidente e todos os membros do Conselho, sendo da sua compet\u00eancia, entre outras: propor ao Presidente da Rep\u00fablica a nomea\u00e7\u00e3o dos ju\u00edzes Conselheiros do Tribunal Supremo; nomear, colocar, transferir, promover, exonerar, apreciar o m\u00e9rito profissional, exercer a ac\u00e7\u00e3o disciplinar e, em geral, praticar todos os actos de id\u00eantica natureza respeitante aos magistrados judiciais; apreciar o m\u00e9rito profissional e exercer a ac\u00e7\u00e3o disciplinar sobre os oficiais de justi\u00e7a, sem preju\u00edzo da compet\u00eancia disciplinar atribu\u00edda aos ju\u00edzes; processar e julgar as suspei\u00e7\u00f5es levantadas contra qualquer dos seus membros em processos da sua compet\u00eancia; ordenar a realiza\u00e7\u00e3o de inspec\u00e7\u00f5es ordin\u00e1rias e extraordin\u00e1rias, bem como de inqu\u00e9ritos e sindic\u00e2ncias aos tribunais; dar pareceres e fazer recomenda\u00e7\u00f5es sobre a politica judici\u00e1ria, por sua iniciativa ou a pedido do Presidente da Rep\u00fablica, da Assembleia da Rep\u00fablica ou do governo; apreciar e decidir as reclama\u00e7\u00f5es contra actos praticados pela Comiss\u00e3o Permanente, pelo Presidente e pelo Vice-Presidente. As reuni\u00f5es do Plen\u00e1rio t\u00eam lugar ordinariamente quatro vezes por ano e extraordinariamente sempre que se mostre necess\u00e1rio, por convoca\u00e7\u00e3o do Presidente do Conselho Superior da Magistratura Judicial ou de dois ter\u00e7os dos seus membros.<\/p>\n","protected":false},"author":12,"featured_media":0,"parent":0,"menu_order":0,"comment_status":"closed","ping_status":"closed","template":"","meta":{"footnotes":""},"class_list":["post-2588","page","type-page","status-publish","hentry"],"_links":{"self":[{"href":"https:\/\/csmj.gov.mz\/index.php?rest_route=\/wp\/v2\/pages\/2588","targetHints":{"allow":["GET"]}}],"collection":[{"href":"https:\/\/csmj.gov.mz\/index.php?rest_route=\/wp\/v2\/pages"}],"about":[{"href":"https:\/\/csmj.gov.mz\/index.php?rest_route=\/wp\/v2\/types\/page"}],"author":[{"embeddable":true,"href":"https:\/\/csmj.gov.mz\/index.php?rest_route=\/wp\/v2\/users\/12"}],"replies":[{"embeddable":true,"href":"https:\/\/csmj.gov.mz\/index.php?rest_route=%2Fwp%2Fv2%2Fcomments&post=2588"}],"version-history":[{"count":7,"href":"https:\/\/csmj.gov.mz\/index.php?rest_route=\/wp\/v2\/pages\/2588\/revisions"}],"predecessor-version":[{"id":2849,"href":"https:\/\/csmj.gov.mz\/index.php?rest_route=\/wp\/v2\/pages\/2588\/revisions\/2849"}],"wp:attachment":[{"href":"https:\/\/csmj.gov.mz\/index.php?rest_route=%2Fwp%2Fv2%2Fmedia&parent=2588"}],"curies":[{"name":"wp","href":"https:\/\/api.w.org\/{rel}","templated":true}]}}